{"id":1466,"date":"2023-04-26T16:17:21","date_gmt":"2023-04-26T14:17:21","guid":{"rendered":"http:\/\/eternelle-ephemere.com\/?page_id=1466"},"modified":"2026-01-05T12:22:14","modified_gmt":"2026-01-05T11:22:14","slug":"evenements","status":"publish","type":"page","link":"https:\/\/eternelle-ephemere.com\/index.php\/evenements\/","title":{"rendered":"\u00c9v\u00e9nements"},"content":{"rendered":"\t\t<div data-elementor-type=\"wp-page\" data-elementor-id=\"1466\" class=\"elementor elementor-1466\">\n\t\t\t\t\t\t<section class=\"elementor-section elementor-top-section elementor-element elementor-element-07ea5a6 elementor-section-height-min-height elementor-section-boxed elementor-section-height-default elementor-section-items-middle\" data-id=\"07ea5a6\" data-element_type=\"section\" data-e-type=\"section\" data-settings=\"{&quot;background_background&quot;:&quot;classic&quot;}\">\n\t\t\t\t\t\t\t<div class=\"elementor-background-overlay\"><\/div>\n\t\t\t\t\t\t\t<div class=\"elementor-container elementor-column-gap-default\">\n\t\t\t\t\t<div class=\"elementor-column elementor-col-100 elementor-top-column elementor-element elementor-element-c5228cf\" data-id=\"c5228cf\" data-element_type=\"column\" data-e-type=\"column\">\n\t\t\t<div class=\"elementor-widget-wrap elementor-element-populated\">\n\t\t\t\t\t\t<div class=\"elementor-element elementor-element-d789682 elementor-invisible elementor-widget elementor-widget-heading\" data-id=\"d789682\" data-element_type=\"widget\" data-e-type=\"widget\" data-settings=\"{&quot;_animation&quot;:&quot;fadeInUp&quot;}\" data-widget_type=\"heading.default\">\n\t\t\t\t<div class=\"elementor-widget-container\">\n\t\t\t\t\t<h1 class=\"elementor-heading-title elementor-size-xxl\">\u00c9v\u00e9nement<\/h1>\t\t\t\t<\/div>\n\t\t\t\t<\/div>\n\t\t\t\t\t<\/div>\n\t\t<\/div>\n\t\t\t\t\t<\/div>\n\t\t<\/section>\n\t\t\t\t<section class=\"elementor-section elementor-top-section elementor-element elementor-element-690b86d elementor-section-boxed elementor-section-height-default elementor-section-height-default\" data-id=\"690b86d\" data-element_type=\"section\" data-e-type=\"section\">\n\t\t\t\t\t\t<div class=\"elementor-container elementor-column-gap-default\">\n\t\t\t\t\t<div class=\"elementor-column elementor-col-100 elementor-top-column elementor-element elementor-element-4c80c30\" data-id=\"4c80c30\" data-element_type=\"column\" data-e-type=\"column\">\n\t\t\t<div class=\"elementor-widget-wrap elementor-element-populated\">\n\t\t\t\t\t\t<div class=\"elementor-element elementor-element-f179b34 elementor-widget elementor-widget-heading\" data-id=\"f179b34\" data-element_type=\"widget\" data-e-type=\"widget\" data-widget_type=\"heading.default\">\n\t\t\t\t<div class=\"elementor-widget-container\">\n\t\t\t\t\t<h2 class=\"elementor-heading-title elementor-size-default\">\ud83d\udcc6 \u00c0 venir...<\/h2>\t\t\t\t<\/div>\n\t\t\t\t<\/div>\n\t\t\t\t<section class=\"elementor-section elementor-inner-section elementor-element elementor-element-d01c241 elementor-section-boxed elementor-section-height-default elementor-section-height-default\" data-id=\"d01c241\" data-element_type=\"section\" data-e-type=\"section\">\n\t\t\t\t\t\t<div class=\"elementor-container elementor-column-gap-default\">\n\t\t\t\t\t<div class=\"elementor-column elementor-col-33 elementor-inner-column elementor-element elementor-element-0f28ae4\" data-id=\"0f28ae4\" data-element_type=\"column\" data-e-type=\"column\">\n\t\t\t<div class=\"elementor-widget-wrap elementor-element-populated\">\n\t\t\t\t\t\t<div class=\"elementor-element elementor-element-1a95a5f elementor-invisible elementor-widget elementor-widget-image\" data-id=\"1a95a5f\" data-element_type=\"widget\" data-e-type=\"widget\" data-settings=\"{&quot;_animation&quot;:&quot;slideInUp&quot;}\" data-widget_type=\"image.default\">\n\t\t\t\t<div class=\"elementor-widget-container\">\n\t\t\t\t\t\t\t\t\t\t\t\t\t\t\t<img fetchpriority=\"high\" decoding=\"async\" width=\"1024\" height=\"1024\" src=\"https:\/\/i0.wp.com\/eternelle-ephemere.com\/wp-content\/uploads\/2026\/01\/IMG_9594.jpg?fit=1024%2C1024&amp;ssl=1\" class=\"attachment-large size-large wp-image-2339\" alt=\"\" srcset=\"https:\/\/i0.wp.com\/eternelle-ephemere.com\/wp-content\/uploads\/2026\/01\/IMG_9594.jpg?w=1290&amp;ssl=1 1290w, https:\/\/i0.wp.com\/eternelle-ephemere.com\/wp-content\/uploads\/2026\/01\/IMG_9594.jpg?resize=300%2C300&amp;ssl=1 300w, https:\/\/i0.wp.com\/eternelle-ephemere.com\/wp-content\/uploads\/2026\/01\/IMG_9594.jpg?resize=1024%2C1024&amp;ssl=1 1024w, https:\/\/i0.wp.com\/eternelle-ephemere.com\/wp-content\/uploads\/2026\/01\/IMG_9594.jpg?resize=150%2C150&amp;ssl=1 150w, https:\/\/i0.wp.com\/eternelle-ephemere.com\/wp-content\/uploads\/2026\/01\/IMG_9594.jpg?resize=768%2C768&amp;ssl=1 768w, https:\/\/i0.wp.com\/eternelle-ephemere.com\/wp-content\/uploads\/2026\/01\/IMG_9594.jpg?resize=600%2C600&amp;ssl=1 600w, https:\/\/i0.wp.com\/eternelle-ephemere.com\/wp-content\/uploads\/2026\/01\/IMG_9594.jpg?resize=100%2C100&amp;ssl=1 100w\" sizes=\"(max-width: 1000px) 100vw, 1000px\" \/>\t\t\t\t\t\t\t\t\t\t\t\t\t\t\t<\/div>\n\t\t\t\t<\/div>\n\t\t\t\t<div class=\"elementor-element elementor-element-afe05c9 elementor-invisible elementor-widget elementor-widget-text-editor\" data-id=\"afe05c9\" data-element_type=\"widget\" data-e-type=\"widget\" data-settings=\"{&quot;_animation&quot;:&quot;slideInUp&quot;}\" data-widget_type=\"text-editor.default\">\n\t\t\t\t<div class=\"elementor-widget-container\">\n\t\t\t\t\t\t\t\t\t<p class=\"p1\">Gr\u00e2ce \u00e0 C\u00e9cile, chanteuse d\u2019op\u00e9ra, sophrologue &amp; hypnoth\u00e9rapeute, et Anne, sonoth\u00e9rapeute, plonge dans un atelier qui t\u2019emm\u00e8ne en profondeur dans ton monde int\u00e9rieur et ton inconscient, afin de lib\u00e9rer tout ce qui t\u2019emp\u00eache de te r\u00e9aliser pleinement.<br \/><br \/>\u00c0 travers des pratiques guid\u00e9es de relaxation dynamique, de respiration, de yoga du son, de chant intuitif et de chant m\u00e9decine, tu aideras ton corps et ton esprit \u00e0 l\u00e2cher ce qui fait barrage, ce qui r\u00e9siste et ce qui p\u00e8se :<br \/>\u00e9motions lourdes telles que les peurs, la tristesse, la solitude, mais aussi les m\u00e9moires du pass\u00e9, les traumatismes, les croyances limitantes et les souffrances inconscientes.<br \/><br \/>Pour faire place \u00e0 plus de l\u00e9g\u00e8ret\u00e9, de confiance en toi, de clart\u00e9 et de paix int\u00e9rieure \ud83e\udd0d<br \/><br \/>Une magnifique fa\u00e7on de commencer l\u2019ann\u00e9e 2026.<br \/>\u2728 \u00c0 noter : une prochaine s\u00e9ance aura lieu en f\u00e9vrier (date \u00e0 confirmer), avec un atelier d\u00e9di\u00e9 \u00e0 la manifestation de tes ambitions et aux moyens concrets de les ancrer et les r\u00e9aliser.<br \/><strong>R\u00e9servez directement sur studio ora !<\/strong><\/p>\t\t\t\t\t\t\t\t<\/div>\n\t\t\t\t<\/div>\n\t\t\t\t\t<\/div>\n\t\t<\/div>\n\t\t\t\t<div class=\"elementor-column elementor-col-33 elementor-inner-column elementor-element elementor-element-bfc3bef\" data-id=\"bfc3bef\" data-element_type=\"column\" data-e-type=\"column\">\n\t\t\t<div class=\"elementor-widget-wrap\">\n\t\t\t\t\t\t\t<\/div>\n\t\t<\/div>\n\t\t\t\t<div class=\"elementor-column elementor-col-33 elementor-inner-column elementor-element elementor-element-aebc8d3\" data-id=\"aebc8d3\" data-element_type=\"column\" data-e-type=\"column\">\n\t\t\t<div class=\"elementor-widget-wrap\">\n\t\t\t\t\t\t\t<\/div>\n\t\t<\/div>\n\t\t\t\t\t<\/div>\n\t\t<\/section>\n\t\t\t\t\t<\/div>\n\t\t<\/div>\n\t\t\t\t\t<\/div>\n\t\t<\/section>\n\t\t\t\t<section class=\"elementor-section elementor-top-section elementor-element elementor-element-3d9f48b elementor-section-boxed elementor-section-height-default elementor-section-height-default\" data-id=\"3d9f48b\" data-element_type=\"section\" data-e-type=\"section\">\n\t\t\t\t\t\t<div class=\"elementor-container elementor-column-gap-default\">\n\t\t\t\t\t<div class=\"elementor-column elementor-col-100 elementor-top-column elementor-element elementor-element-6eb80e0\" data-id=\"6eb80e0\" data-element_type=\"column\" data-e-type=\"column\">\n\t\t\t<div class=\"elementor-widget-wrap elementor-element-populated\">\n\t\t\t\t\t\t<div class=\"elementor-element elementor-element-0586e53 elementor-invisible elementor-widget elementor-widget-heading\" data-id=\"0586e53\" data-element_type=\"widget\" data-e-type=\"widget\" data-settings=\"{&quot;_animation&quot;:&quot;zoomIn&quot;}\" data-widget_type=\"heading.default\">\n\t\t\t\t<div class=\"elementor-widget-container\">\n\t\t\t\t\t<h2 class=\"elementor-heading-title elementor-size-default\"><img decoding=\"async\" role=\"img\" class=\"emoji\" alt=\"\ud83d\udce6\" src=\"https:\/\/s.w.org\/images\/core\/emoji\/14.0.0\/svg\/1f4e6.svg\"> \u00c9v\u00e9nements pass\u00e9s <img decoding=\"async\" role=\"img\" class=\"emoji\" alt=\"\ud83d\udce6\" src=\"https:\/\/s.w.org\/images\/core\/emoji\/14.0.0\/svg\/1f4e6.svg\"><\/h2>\t\t\t\t<\/div>\n\t\t\t\t<\/div>\n\t\t\t\t<section class=\"elementor-section elementor-inner-section elementor-element elementor-element-30f09ce elementor-section-boxed elementor-section-height-default elementor-section-height-default\" data-id=\"30f09ce\" data-element_type=\"section\" data-e-type=\"section\">\n\t\t\t\t\t\t<div class=\"elementor-container elementor-column-gap-default\">\n\t\t\t\t\t<div class=\"elementor-column elementor-col-33 elementor-inner-column elementor-element elementor-element-0ffa1b4\" data-id=\"0ffa1b4\" data-element_type=\"column\" data-e-type=\"column\">\n\t\t\t<div class=\"elementor-widget-wrap elementor-element-populated\">\n\t\t\t\t\t\t<div class=\"elementor-element elementor-element-40b1dde elementor-invisible elementor-widget elementor-widget-image\" data-id=\"40b1dde\" data-element_type=\"widget\" data-e-type=\"widget\" data-settings=\"{&quot;_animation&quot;:&quot;slideInUp&quot;}\" data-widget_type=\"image.default\">\n\t\t\t\t<div class=\"elementor-widget-container\">\n\t\t\t\t\t\t\t\t\t\t\t\t\t\t\t<img decoding=\"async\" width=\"1024\" height=\"1024\" src=\"https:\/\/i0.wp.com\/eternelle-ephemere.com\/wp-content\/uploads\/2025\/02\/Journee-de-connexion-aux-elements.png?fit=1024%2C1024&amp;ssl=1\" class=\"attachment-large size-large wp-image-2116\" alt=\"\" srcset=\"https:\/\/i0.wp.com\/eternelle-ephemere.com\/wp-content\/uploads\/2025\/02\/Journee-de-connexion-aux-elements.png?w=1080&amp;ssl=1 1080w, https:\/\/i0.wp.com\/eternelle-ephemere.com\/wp-content\/uploads\/2025\/02\/Journee-de-connexion-aux-elements.png?resize=300%2C300&amp;ssl=1 300w, https:\/\/i0.wp.com\/eternelle-ephemere.com\/wp-content\/uploads\/2025\/02\/Journee-de-connexion-aux-elements.png?resize=1024%2C1024&amp;ssl=1 1024w, https:\/\/i0.wp.com\/eternelle-ephemere.com\/wp-content\/uploads\/2025\/02\/Journee-de-connexion-aux-elements.png?resize=150%2C150&amp;ssl=1 150w, https:\/\/i0.wp.com\/eternelle-ephemere.com\/wp-content\/uploads\/2025\/02\/Journee-de-connexion-aux-elements.png?resize=768%2C768&amp;ssl=1 768w, https:\/\/i0.wp.com\/eternelle-ephemere.com\/wp-content\/uploads\/2025\/02\/Journee-de-connexion-aux-elements.png?resize=600%2C600&amp;ssl=1 600w, https:\/\/i0.wp.com\/eternelle-ephemere.com\/wp-content\/uploads\/2025\/02\/Journee-de-connexion-aux-elements.png?resize=100%2C100&amp;ssl=1 100w\" sizes=\"(max-width: 1000px) 100vw, 1000px\" \/>\t\t\t\t\t\t\t\t\t\t\t\t\t\t\t<\/div>\n\t\t\t\t<\/div>\n\t\t\t\t<div class=\"elementor-element elementor-element-cb12e57 elementor-invisible elementor-widget elementor-widget-text-editor\" data-id=\"cb12e57\" data-element_type=\"widget\" data-e-type=\"widget\" data-settings=\"{&quot;_animation&quot;:&quot;slideInUp&quot;}\" data-widget_type=\"text-editor.default\">\n\t\t\t\t<div class=\"elementor-widget-container\">\n\t\t\t\t\t\t\t\t\t<p class=\"p1\">\u00c0 travers divers ateliers th\u00e9rapeutiques, venez connecter avec votre lumi\u00e8re int\u00e9rieure !<\/p><p class=\"p1\"><strong>\u00a0 \u00a0 \u00a0 \u00a0 \u00a0 \u00a0 \u00a0 \u00a0 \u00a0 \u00a0 \u00a0 \u00a0 \u00a0 \u00a0 \u00a0 \u00a0 \u00a0 <\/strong><span style=\"text-decoration: underline;\"><strong>Heure et lieu<\/strong><\/span><\/p><p class=\"p1\">\u00a0 \u00a0 \u00a0 \u00a0 \u00a0 \u00a0 \u00a0 \u00a0 \u00a0 \u00a0 \u00a0 \u00a0 \u00a006 juillet., 9:30 &#8211; 18:00<\/p><p class=\"p1\"><span class=\"Apple-converted-space\">\u00a0 \u00a0 \u00a0 \u00a0 \u00a0 \u00a0 Au centre Namast\u00e9 Aigues-Mortes, (30)<\/span><\/p><p class=\"p1\"><span class=\"s1\"><strong>\u00a0 \u00a0 \u00a0 \u00a0 \u00a0 \u00a0 \u00a0 \u00a0 \u00a0 \u00a0 \u00a0<\/strong><span style=\"text-decoration: underline;\"><strong>Au programme de la journ\u00e9e :<\/strong><\/span><\/span><\/p><p class=\"p1\"><span class=\"s1\">\u00a0<\/span><\/p><ul><li>R\u00e9veil respiratoire pour se connecter \u00e0 son feu int\u00e9rieur.<\/li><li>S\u00e9ance de sophrologie- sonore.<\/li><li>Body painting et danse intuitive.<\/li><li>Cr\u00e9ation d\u2019une huile de puissance int\u00e9rieure et tirage d&rsquo;oracle.\u00a0<\/li><li>Bain sonore olfactif.<\/li><li>Cercle de chant sacr\u00e9 partag\u00e9.<\/li><li>Et d&rsquo;autres surprises !!<\/li><\/ul><p><span class=\"s1\"><span style=\"text-decoration: underline;\"><strong>Tarif de la journ\u00e9e<\/strong><\/span> :\u00a0<\/span>80\u20ac.<\/p><p class=\"p1\">Acompte de 40\u20ac demand\u00e9 \u00e0 la r\u00e9servation (non remboursable)<\/p><p class=\"p1\">Parking sur place<\/p><p class=\"p1\">D\u00e9jeuner \u00e0 amener (plut\u00f4t l\u00e9ger pour profiter de l&rsquo;apr\u00e8s midi ! R\u00e9frig\u00e9rateur et micro ondes disponibles sur place)<\/p><p class=\"p1\">Amenez aussi un tapis de yoga, un petit coussin , un plaid ou de quoi vous couvrir pour le bain sonore.<\/p><p class=\"p1\">Nous vous proposons, afin de vivre une exp\u00e9rience en coh\u00e9rence vibratoire, de vous habiller dans la couleur jaune.<\/p>\t\t\t\t\t\t\t\t<\/div>\n\t\t\t\t<\/div>\n\t\t\t\t<div class=\"elementor-element elementor-element-feb3654 elementor-align-center elementor-widget elementor-widget-button\" data-id=\"feb3654\" data-element_type=\"widget\" data-e-type=\"widget\" data-widget_type=\"button.default\">\n\t\t\t\t<div class=\"elementor-widget-container\">\n\t\t\t\t\t\t\t\t\t<div class=\"elementor-button-wrapper\">\n\t\t\t\t\t<a class=\"elementor-button elementor-button-link elementor-size-sm elementor-animation-grow\" href=\"https:\/\/eternelle-ephemere.com\/index.php\/produit\/journee-de-connexion-aux-elements\/\">\n\t\t\t\t\t\t<span class=\"elementor-button-content-wrapper\">\n\t\t\t\t\t\t<span class=\"elementor-button-icon\">\n\t\t\t\t<i aria-hidden=\"true\" class=\"fas fa-shopping-basket\"><\/i>\t\t\t<\/span>\n\t\t\t\t\t\t\t\t\t<span class=\"elementor-button-text\">Cliquez ici<\/span>\n\t\t\t\t\t<\/span>\n\t\t\t\t\t<\/a>\n\t\t\t\t<\/div>\n\t\t\t\t\t\t\t\t<\/div>\n\t\t\t\t<\/div>\n\t\t\t\t\t<\/div>\n\t\t<\/div>\n\t\t\t\t<div class=\"elementor-column elementor-col-33 elementor-inner-column elementor-element elementor-element-09b7c18\" data-id=\"09b7c18\" data-element_type=\"column\" data-e-type=\"column\">\n\t\t\t<div class=\"elementor-widget-wrap elementor-element-populated\">\n\t\t\t\t\t\t<div class=\"elementor-element elementor-element-27e8975 elementor-invisible elementor-widget elementor-widget-image\" data-id=\"27e8975\" data-element_type=\"widget\" data-e-type=\"widget\" data-settings=\"{&quot;_animation&quot;:&quot;slideInUp&quot;}\" data-widget_type=\"image.default\">\n\t\t\t\t<div class=\"elementor-widget-container\">\n\t\t\t\t\t\t\t\t\t\t\t\t\t\t\t<img decoding=\"async\" width=\"958\" height=\"1024\" src=\"https:\/\/i0.wp.com\/eternelle-ephemere.com\/wp-content\/uploads\/2025\/02\/IMG_7871.jpg?fit=958%2C1024&amp;ssl=1\" class=\"attachment-large size-large wp-image-2126\" alt=\"\" srcset=\"https:\/\/i0.wp.com\/eternelle-ephemere.com\/wp-content\/uploads\/2025\/02\/IMG_7871.jpg?w=1024&amp;ssl=1 1024w, https:\/\/i0.wp.com\/eternelle-ephemere.com\/wp-content\/uploads\/2025\/02\/IMG_7871.jpg?resize=281%2C300&amp;ssl=1 281w, https:\/\/i0.wp.com\/eternelle-ephemere.com\/wp-content\/uploads\/2025\/02\/IMG_7871.jpg?resize=958%2C1024&amp;ssl=1 958w, https:\/\/i0.wp.com\/eternelle-ephemere.com\/wp-content\/uploads\/2025\/02\/IMG_7871.jpg?resize=768%2C821&amp;ssl=1 768w, https:\/\/i0.wp.com\/eternelle-ephemere.com\/wp-content\/uploads\/2025\/02\/IMG_7871.jpg?resize=600%2C641&amp;ssl=1 600w\" sizes=\"(max-width: 958px) 100vw, 958px\" \/>\t\t\t\t\t\t\t\t\t\t\t\t\t\t\t<\/div>\n\t\t\t\t<\/div>\n\t\t\t\t<div class=\"elementor-element elementor-element-6164d78 elementor-widget__width-initial elementor-invisible elementor-widget elementor-widget-text-editor\" data-id=\"6164d78\" data-element_type=\"widget\" data-e-type=\"widget\" data-settings=\"{&quot;_animation&quot;:&quot;slideInUp&quot;}\" data-widget_type=\"text-editor.default\">\n\t\t\t\t<div class=\"elementor-widget-container\">\n\t\t\t\t\t\t\t\t\t<p>IMMERSION DE 4 JOURS DANS UN LIEU MAGIQUE POUR DECOUVRIR LES VEDAS<\/p><p>AYURVEDA, YOGA, TANTRA, MANTRAS, MEDITATION, SATSANG, BHAJAN, MANDALAS, DANSES ET MUSIQUES INDIENNES, CONTES TIBETAINS, RANDONNEE MEDITATIVE ET BOTANIQUE, CONFERENCES, ATELIERS ET ANIMATIONS ENFANTS, MARCHE D&rsquo;ARTISANAT<\/p><p>Pour la seconde \u00e9dition du V\u00e9das festival, nous vous invitons \u00e0 Saint C\u00e9ment (30) pour participer \u00e0 quatres journ\u00e9es au programme inspirant.<\/p><p>Pour en savoir plus rendez-vous sur le site du V\u00e9das Festival : <a href=\"http:\/\/vedas-festival.fr\" target=\"_blank\" rel=\"noopener\">vedas-festival.fr<\/a><\/p>\t\t\t\t\t\t\t\t<\/div>\n\t\t\t\t<\/div>\n\t\t\t\t\t<\/div>\n\t\t<\/div>\n\t\t\t\t<div class=\"elementor-column elementor-col-33 elementor-inner-column elementor-element elementor-element-2786ac3\" data-id=\"2786ac3\" data-element_type=\"column\" data-e-type=\"column\">\n\t\t\t<div class=\"elementor-widget-wrap elementor-element-populated\">\n\t\t\t\t\t\t<div class=\"elementor-element elementor-element-b68e983 elementor-invisible elementor-widget elementor-widget-image\" data-id=\"b68e983\" data-element_type=\"widget\" data-e-type=\"widget\" data-settings=\"{&quot;_animation&quot;:&quot;slideInUp&quot;}\" data-widget_type=\"image.default\">\n\t\t\t\t<div class=\"elementor-widget-container\">\n\t\t\t\t\t\t\t\t\t\t\t\t\t\t\t<img loading=\"lazy\" decoding=\"async\" width=\"1024\" height=\"1024\" src=\"https:\/\/i0.wp.com\/eternelle-ephemere.com\/wp-content\/uploads\/2024\/09\/4862B76A-7446-4C04-87E6-1686CB6948E9_1_102_o.jpeg?fit=1024%2C1024&amp;ssl=1\" class=\"attachment-large size-large wp-image-2006\" alt=\"\" srcset=\"https:\/\/i0.wp.com\/eternelle-ephemere.com\/wp-content\/uploads\/2024\/09\/4862B76A-7446-4C04-87E6-1686CB6948E9_1_102_o.jpeg?w=1080&amp;ssl=1 1080w, https:\/\/i0.wp.com\/eternelle-ephemere.com\/wp-content\/uploads\/2024\/09\/4862B76A-7446-4C04-87E6-1686CB6948E9_1_102_o.jpeg?resize=300%2C300&amp;ssl=1 300w, https:\/\/i0.wp.com\/eternelle-ephemere.com\/wp-content\/uploads\/2024\/09\/4862B76A-7446-4C04-87E6-1686CB6948E9_1_102_o.jpeg?resize=1024%2C1024&amp;ssl=1 1024w, https:\/\/i0.wp.com\/eternelle-ephemere.com\/wp-content\/uploads\/2024\/09\/4862B76A-7446-4C04-87E6-1686CB6948E9_1_102_o.jpeg?resize=150%2C150&amp;ssl=1 150w, https:\/\/i0.wp.com\/eternelle-ephemere.com\/wp-content\/uploads\/2024\/09\/4862B76A-7446-4C04-87E6-1686CB6948E9_1_102_o.jpeg?resize=768%2C768&amp;ssl=1 768w, https:\/\/i0.wp.com\/eternelle-ephemere.com\/wp-content\/uploads\/2024\/09\/4862B76A-7446-4C04-87E6-1686CB6948E9_1_102_o.jpeg?resize=600%2C600&amp;ssl=1 600w, https:\/\/i0.wp.com\/eternelle-ephemere.com\/wp-content\/uploads\/2024\/09\/4862B76A-7446-4C04-87E6-1686CB6948E9_1_102_o.jpeg?resize=100%2C100&amp;ssl=1 100w\" sizes=\"(max-width: 1000px) 100vw, 1000px\" \/>\t\t\t\t\t\t\t\t\t\t\t\t\t\t\t<\/div>\n\t\t\t\t<\/div>\n\t\t\t\t<div class=\"elementor-element elementor-element-7bc433d elementor-invisible elementor-widget elementor-widget-text-editor\" data-id=\"7bc433d\" data-element_type=\"widget\" data-e-type=\"widget\" data-settings=\"{&quot;_animation&quot;:&quot;slideInUp&quot;}\" data-widget_type=\"text-editor.default\">\n\t\t\t\t<div class=\"elementor-widget-container\">\n\t\t\t\t\t\t\t\t\t<p class=\"p1\">\u00c0 travers divers ateliers th\u00e9rapeutiques, venez apprendre \u00e0 \u00e9couter vos \u00e9motions,\u00a0 les exprimer en faisant vibrer votre voix et en vous connectant \u00e0 votre cr\u00e9ativit\u00e9 !<\/p><p class=\"p1\">\u00a0 \u00a0 \u00a0 \u00a0 \u00a0 \u00a0 \u00a0 \u00a0 \u00a0 \u00a0 \u00a0 \u00a0 \u00a0 \u00a0 \u00a0 \u00a0 \u00a0<b><u>Heure et lieu<\/u><\/b><\/p><p class=\"p1\"><b>\u00a0<\/b><\/p><p class=\"p1\">\u00a0 \u00a0 \u00a0 \u00a0 \u00a0 \u00a0 \u00a0 \u00a0 \u00a0 \u00a0 \u00a0 \u00a0 \u00a023 mars, 10:00 &#8211; 18:00<\/p><p class=\"p1\">\u00a0 \u00a0 \u00a0 \u00a0 \u00a0 \u00a0 Centre Namast\u00e9 OP, Aigues-Mortes ( 30)<\/p><p>\u00a0 \u00a0 \u00a0 \u00a0 \u00a0 \u00a0 \u00a0 \u00a0 \u00a0<span style=\"text-decoration: underline;\"> <b>Au programme de la journ\u00e9e\u00a0:<\/b><\/span><\/p><ul><li>atelier sophrologie\u00a0<\/li><li>Dessin intuitif<\/li><li>Rituel de connexion \u00e0 l&rsquo;\u00e9nergie de l&rsquo;eau\u00a0<\/li><li>Chant spontan\u00e9 et cercle de chant m\u00e9decine<\/li><li>Voyage sonore<\/li><li>Cercle \u00e9nerg\u00e9tique<\/li><li>Et d&rsquo;autres surprises !!<\/li><\/ul><p><u>Tarif de la journ\u00e9e<\/u> : 80\u20ac.<\/p><p>Acompte de 40\u20ac demand\u00e9 \u00e0 la r\u00e9servation (non remboursable)<\/p><p>Parking sur place<\/p><p>D\u00e9jeuner \u00e0 amener (plut\u00f4t l\u00e9ger pour profiter de l&rsquo;apr\u00e8s-midi )\u00a0<\/p><p>R\u00e9frig\u00e9rateur et micro-ondes disponibles sur place.<\/p><p>Amenez aussi un plaid ou de quoi vous couvrir pour le voyage sonore !<\/p>\t\t\t\t\t\t\t\t<\/div>\n\t\t\t\t<\/div>\n\t\t\t\t\t<\/div>\n\t\t<\/div>\n\t\t\t\t\t<\/div>\n\t\t<\/section>\n\t\t\t\t<section class=\"elementor-section elementor-inner-section elementor-element elementor-element-f3d2b74 elementor-section-boxed elementor-section-height-default elementor-section-height-default\" data-id=\"f3d2b74\" data-element_type=\"section\" data-e-type=\"section\">\n\t\t\t\t\t\t<div class=\"elementor-container elementor-column-gap-default\">\n\t\t\t\t\t<div class=\"elementor-column elementor-col-33 elementor-inner-column elementor-element elementor-element-7e9f13d\" data-id=\"7e9f13d\" data-element_type=\"column\" data-e-type=\"column\">\n\t\t\t<div class=\"elementor-widget-wrap elementor-element-populated\">\n\t\t\t\t\t\t<div class=\"elementor-element elementor-element-18acb91 elementor-invisible elementor-widget elementor-widget-image\" data-id=\"18acb91\" data-element_type=\"widget\" data-e-type=\"widget\" data-settings=\"{&quot;_animation&quot;:&quot;slideInUp&quot;}\" data-widget_type=\"image.default\">\n\t\t\t\t<div class=\"elementor-widget-container\">\n\t\t\t\t\t\t\t\t\t\t\t\t\t\t\t<img loading=\"lazy\" decoding=\"async\" width=\"1024\" height=\"1024\" src=\"https:\/\/i0.wp.com\/eternelle-ephemere.com\/wp-content\/uploads\/2024\/09\/10751B2A-5536-4F3E-9E6E-331815EF4CBD_1_102_o.jpeg?fit=1024%2C1024&amp;ssl=1\" class=\"attachment-large size-large wp-image-2016\" alt=\"\" srcset=\"https:\/\/i0.wp.com\/eternelle-ephemere.com\/wp-content\/uploads\/2024\/09\/10751B2A-5536-4F3E-9E6E-331815EF4CBD_1_102_o.jpeg?w=1080&amp;ssl=1 1080w, https:\/\/i0.wp.com\/eternelle-ephemere.com\/wp-content\/uploads\/2024\/09\/10751B2A-5536-4F3E-9E6E-331815EF4CBD_1_102_o.jpeg?resize=300%2C300&amp;ssl=1 300w, https:\/\/i0.wp.com\/eternelle-ephemere.com\/wp-content\/uploads\/2024\/09\/10751B2A-5536-4F3E-9E6E-331815EF4CBD_1_102_o.jpeg?resize=1024%2C1024&amp;ssl=1 1024w, https:\/\/i0.wp.com\/eternelle-ephemere.com\/wp-content\/uploads\/2024\/09\/10751B2A-5536-4F3E-9E6E-331815EF4CBD_1_102_o.jpeg?resize=150%2C150&amp;ssl=1 150w, https:\/\/i0.wp.com\/eternelle-ephemere.com\/wp-content\/uploads\/2024\/09\/10751B2A-5536-4F3E-9E6E-331815EF4CBD_1_102_o.jpeg?resize=768%2C768&amp;ssl=1 768w, https:\/\/i0.wp.com\/eternelle-ephemere.com\/wp-content\/uploads\/2024\/09\/10751B2A-5536-4F3E-9E6E-331815EF4CBD_1_102_o.jpeg?resize=600%2C600&amp;ssl=1 600w, https:\/\/i0.wp.com\/eternelle-ephemere.com\/wp-content\/uploads\/2024\/09\/10751B2A-5536-4F3E-9E6E-331815EF4CBD_1_102_o.jpeg?resize=100%2C100&amp;ssl=1 100w\" sizes=\"(max-width: 1000px) 100vw, 1000px\" \/>\t\t\t\t\t\t\t\t\t\t\t\t\t\t\t<\/div>\n\t\t\t\t<\/div>\n\t\t\t\t<div class=\"elementor-element elementor-element-4e19392 elementor-invisible elementor-widget elementor-widget-text-editor\" data-id=\"4e19392\" data-element_type=\"widget\" data-e-type=\"widget\" data-settings=\"{&quot;_animation&quot;:&quot;slideInUp&quot;}\" data-widget_type=\"text-editor.default\">\n\t\t\t\t<div class=\"elementor-widget-container\">\n\t\t\t\t\t\t\t\t\t<p>\u00a0<strong>Atelier Bien-Etre\u00a0<\/strong><\/p><p>Samedi 28 septembre 2024<\/p><p>9h30- 11h Sommi\u00e8res L.Durell<\/p><p><strong>Yoga Sonore<\/strong><\/p><p>Avec Caroline Gu\u00e9nard et Anne Crevaux.<\/p><p>Caroline Proposera un cours de yoga douxen rythme avec le voyage sonore cr\u00e9\u00e9 par Anne en live.<\/p><p>Cet atelier en co-cr\u00e9ation est con\u00e7u pour rel\u00e2cher les tensions et d\u00e9tendre les tissus du corps en profondeur.<\/p><p>C&rsquo;est exp\u00e9rience riche et profond\u00e9ment relaxante, alliant les mouvements du corps et les vibrations du son des instruments (tambour chamanique, fl\u00fbte native, handpan, bols chantants&#8230;)<\/p><p>Un moment de douceur et de d\u00e9tente compl\u00e8te qui vous permettra d&rsquo;\u00e9quilibrer l&rsquo;ensemble de votre \u00eatre en harmonisant le corps, le mental et l&rsquo;esprit.<\/p><p><strong>Inscription<\/strong>: 06.28.21.43.05\u00a0<\/p><p>contact@ginkgo-harmony.fr &#8211; <strong>Tarif<\/strong>: 15\u20ac<\/p>\t\t\t\t\t\t\t\t<\/div>\n\t\t\t\t<\/div>\n\t\t\t\t\t<\/div>\n\t\t<\/div>\n\t\t\t\t<div class=\"elementor-column elementor-col-33 elementor-inner-column elementor-element elementor-element-67e2cf0\" data-id=\"67e2cf0\" data-element_type=\"column\" data-e-type=\"column\">\n\t\t\t<div class=\"elementor-widget-wrap elementor-element-populated\">\n\t\t\t\t\t\t<div class=\"elementor-element elementor-element-a2371dc elementor-invisible elementor-widget elementor-widget-image\" data-id=\"a2371dc\" data-element_type=\"widget\" data-e-type=\"widget\" data-settings=\"{&quot;_animation&quot;:&quot;slideInUp&quot;}\" data-widget_type=\"image.default\">\n\t\t\t\t<div class=\"elementor-widget-container\">\n\t\t\t\t\t\t\t\t\t\t\t\t\t\t\t<img loading=\"lazy\" decoding=\"async\" width=\"858\" height=\"858\" src=\"https:\/\/i0.wp.com\/eternelle-ephemere.com\/wp-content\/uploads\/2024\/08\/es-dimanches-de-lete-le-rooftop-du-Corum-vous-veut-du-bien-.jpg?fit=858%2C858&amp;ssl=1\" class=\"attachment-large size-large wp-image-1985\" alt=\"\" srcset=\"https:\/\/i0.wp.com\/eternelle-ephemere.com\/wp-content\/uploads\/2024\/08\/es-dimanches-de-lete-le-rooftop-du-Corum-vous-veut-du-bien-.jpg?w=858&amp;ssl=1 858w, https:\/\/i0.wp.com\/eternelle-ephemere.com\/wp-content\/uploads\/2024\/08\/es-dimanches-de-lete-le-rooftop-du-Corum-vous-veut-du-bien-.jpg?resize=300%2C300&amp;ssl=1 300w, https:\/\/i0.wp.com\/eternelle-ephemere.com\/wp-content\/uploads\/2024\/08\/es-dimanches-de-lete-le-rooftop-du-Corum-vous-veut-du-bien-.jpg?resize=150%2C150&amp;ssl=1 150w, https:\/\/i0.wp.com\/eternelle-ephemere.com\/wp-content\/uploads\/2024\/08\/es-dimanches-de-lete-le-rooftop-du-Corum-vous-veut-du-bien-.jpg?resize=768%2C768&amp;ssl=1 768w, https:\/\/i0.wp.com\/eternelle-ephemere.com\/wp-content\/uploads\/2024\/08\/es-dimanches-de-lete-le-rooftop-du-Corum-vous-veut-du-bien-.jpg?resize=600%2C600&amp;ssl=1 600w, https:\/\/i0.wp.com\/eternelle-ephemere.com\/wp-content\/uploads\/2024\/08\/es-dimanches-de-lete-le-rooftop-du-Corum-vous-veut-du-bien-.jpg?resize=100%2C100&amp;ssl=1 100w\" sizes=\"(max-width: 858px) 100vw, 858px\" \/>\t\t\t\t\t\t\t\t\t\t\t\t\t\t\t<\/div>\n\t\t\t\t<\/div>\n\t\t\t\t<div class=\"elementor-element elementor-element-1ff0720 elementor-invisible elementor-widget elementor-widget-text-editor\" data-id=\"1ff0720\" data-element_type=\"widget\" data-e-type=\"widget\" data-settings=\"{&quot;_animation&quot;:&quot;slideInUp&quot;}\" data-widget_type=\"text-editor.default\">\n\t\t\t\t<div class=\"elementor-widget-container\">\n\t\t\t\t\t\t\t\t\t<p>Tous les dimanches, le toit du Corum s&rsquo;anime et vous propose de venir rencontrer une grande diversit\u00e9 de pratiques de bien-\u00eatre de votre r\u00e9gion !<\/p><p>\u00a0<\/p><p>On danse, on chante, on se fait du bien, on partage et on d\u00e9couvre dans une ambiance d\u00e9tendue et chaleureuse !<\/p><p>Vous pouvez m\u00eame boire un verre ou\/et vous restaurer de d\u00e9licieux plats v\u00e9g\u00e9tariens sur place.\u00a0<\/p><p>\u00a0<\/p><p>Rendez-vous donc chaque dimanche \u00e0 partir de 17h \u00e0 Montpellier, sur le toit du Corum. C&rsquo;est gratuit !<\/p><p>\u00a0<\/p><p>Vous pourrez me retrouver pour un voyage sonore dans la salle Belv\u00e9d\u00e8re, le <span style=\"text-decoration: underline;\"><strong>dimanche 25 aout \u00e0 18h30.<\/strong><\/span><\/p>\t\t\t\t\t\t\t\t<\/div>\n\t\t\t\t<\/div>\n\t\t\t\t\t<\/div>\n\t\t<\/div>\n\t\t\t\t<div class=\"elementor-column elementor-col-33 elementor-inner-column elementor-element elementor-element-f1a04c8\" data-id=\"f1a04c8\" data-element_type=\"column\" data-e-type=\"column\">\n\t\t\t<div class=\"elementor-widget-wrap\">\n\t\t\t\t\t\t\t<\/div>\n\t\t<\/div>\n\t\t\t\t\t<\/div>\n\t\t<\/section>\n\t\t\t\t\t<\/div>\n\t\t<\/div>\n\t\t\t\t\t<\/div>\n\t\t<\/section>\n\t\t\t\t<\/div>\n\t\t","protected":false},"excerpt":{"rendered":"<p>\u00c9v\u00e9nement \ud83d\udcc6 \u00c0 venir&#8230; Gr\u00e2ce \u00e0 C\u00e9cile, chanteuse d\u2019op\u00e9ra, sophrologue &amp; hypnoth\u00e9rapeute, et Anne, sonoth\u00e9rapeute, plonge dans un atelier qui t\u2019emm\u00e8ne en profondeur dans ton monde int\u00e9rieur et ton inconscient, afin de lib\u00e9rer tout ce qui t\u2019emp\u00eache de te r\u00e9aliser pleinement. \u00c0 travers des pratiques guid\u00e9es de relaxation dynamique, de respiration, de yoga du son, [&hellip;]<\/p>\n","protected":false},"author":1,"featured_media":0,"parent":0,"menu_order":0,"comment_status":"closed","ping_status":"closed","template":"","meta":{"site-sidebar-layout":"no-sidebar","site-content-layout":"page-builder","ast-site-content-layout":"default","site-content-style":"default","site-sidebar-style":"default","ast-global-header-display":"","ast-banner-title-visibility":"","ast-main-header-display":"","ast-hfb-above-header-display":"","ast-hfb-below-header-display":"","ast-hfb-mobile-header-display":"","site-post-title":"disabled","ast-breadcrumbs-content":"","ast-featured-img":"disabled","footer-sml-layout":"","ast-disable-related-posts":"","theme-transparent-header-meta":"","adv-header-id-meta":"","stick-header-meta":"","header-above-stick-meta":"","header-main-stick-meta":"","header-below-stick-meta":"","astra-migrate-meta-layouts":"default","ast-page-background-enabled":"default","ast-page-background-meta":{"desktop":{"background-color":"var(--ast-global-color-4)","background-image":"","background-repeat":"repeat","background-position":"center center","background-size":"auto","background-attachment":"scroll","background-type":"","background-media":"","overlay-type":"","overlay-color":"","overlay-opacity":"","overlay-gradient":""},"tablet":{"background-color":"","background-image":"","background-repeat":"repeat","background-position":"center center","background-size":"auto","background-attachment":"scroll","background-type":"","background-media":"","overlay-type":"","overlay-color":"","overlay-opacity":"","overlay-gradient":""},"mobile":{"background-color":"","background-image":"","background-repeat":"repeat","background-position":"center center","background-size":"auto","background-attachment":"scroll","background-type":"","background-media":"","overlay-type":"","overlay-color":"","overlay-opacity":"","overlay-gradient":""}},"ast-content-background-meta":{"desktop":{"background-color":"var(--ast-global-color-5)","background-image":"","background-repeat":"repeat","background-position":"center center","background-size":"auto","background-attachment":"scroll","background-type":"","background-media":"","overlay-type":"","overlay-color":"","overlay-opacity":"","overlay-gradient":""},"tablet":{"background-color":"var(--ast-global-color-5)","background-image":"","background-repeat":"repeat","background-position":"center center","background-size":"auto","background-attachment":"scroll","background-type":"","background-media":"","overlay-type":"","overlay-color":"","overlay-opacity":"","overlay-gradient":""},"mobile":{"background-color":"var(--ast-global-color-5)","background-image":"","background-repeat":"repeat","background-position":"center center","background-size":"auto","background-attachment":"scroll","background-type":"","background-media":"","overlay-type":"","overlay-color":"","overlay-opacity":"","overlay-gradient":""}},"footnotes":""},"class_list":["post-1466","page","type-page","status-publish","hentry"],"yoast_head":"<!-- This site is optimized with the Yoast SEO plugin v27.4 - https:\/\/yoast.com\/product\/yoast-seo-wordpress\/ -->\n<title>\u00c9v\u00e9nements - Eternelle Ephemere<\/title>\n<meta name=\"robots\" content=\"index, follow, max-snippet:-1, max-image-preview:large, max-video-preview:-1\" \/>\n<link rel=\"canonical\" href=\"https:\/\/eternelle-ephemere.com\/index.php\/evenements\/\" \/>\n<meta property=\"og:locale\" content=\"fr_FR\" \/>\n<meta property=\"og:type\" content=\"article\" \/>\n<meta property=\"og:title\" content=\"\u00c9v\u00e9nements - Eternelle Ephemere\" \/>\n<meta property=\"og:description\" content=\"\u00c9v\u00e9nement \ud83d\udcc6 \u00c0 venir&#8230; Gr\u00e2ce \u00e0 C\u00e9cile, chanteuse d\u2019op\u00e9ra, sophrologue &amp; hypnoth\u00e9rapeute, et Anne, sonoth\u00e9rapeute, plonge dans un atelier qui t\u2019emm\u00e8ne en profondeur dans ton monde int\u00e9rieur et ton inconscient, afin de lib\u00e9rer tout ce qui t\u2019emp\u00eache de te r\u00e9aliser pleinement. \u00c0 travers des pratiques guid\u00e9es de relaxation dynamique, de respiration, de yoga du son, [&hellip;]\" \/>\n<meta property=\"og:url\" content=\"https:\/\/eternelle-ephemere.com\/index.php\/evenements\/\" \/>\n<meta property=\"og:site_name\" content=\"Eternelle Ephemere\" \/>\n<meta property=\"article:publisher\" content=\"https:\/\/www.facebook.com\/anne.crevaux.7\" \/>\n<meta property=\"article:modified_time\" content=\"2026-01-05T11:22:14+00:00\" \/>\n<meta property=\"og:image\" content=\"https:\/\/eternelle-ephemere.com\/wp-content\/uploads\/2026\/01\/IMG_9594-1024x1024.jpg\" \/>\n<meta name=\"twitter:card\" content=\"summary_large_image\" \/>\n<meta name=\"twitter:label1\" content=\"Dur\u00e9e de lecture estim\u00e9e\" \/>\n\t<meta name=\"twitter:data1\" content=\"6 minutes\" \/>\n<script type=\"application\/ld+json\" class=\"yoast-schema-graph\">{\"@context\":\"https:\\\/\\\/schema.org\",\"@graph\":[{\"@type\":\"WebPage\",\"@id\":\"https:\\\/\\\/eternelle-ephemere.com\\\/index.php\\\/evenements\\\/\",\"url\":\"https:\\\/\\\/eternelle-ephemere.com\\\/index.php\\\/evenements\\\/\",\"name\":\"\u00c9v\u00e9nements - Eternelle Ephemere\",\"isPartOf\":{\"@id\":\"https:\\\/\\\/eternelle-ephemere.com\\\/#website\"},\"primaryImageOfPage\":{\"@id\":\"https:\\\/\\\/eternelle-ephemere.com\\\/index.php\\\/evenements\\\/#primaryimage\"},\"image\":{\"@id\":\"https:\\\/\\\/eternelle-ephemere.com\\\/index.php\\\/evenements\\\/#primaryimage\"},\"thumbnailUrl\":\"https:\\\/\\\/eternelle-ephemere.com\\\/wp-content\\\/uploads\\\/2026\\\/01\\\/IMG_9594-1024x1024.jpg\",\"datePublished\":\"2023-04-26T14:17:21+00:00\",\"dateModified\":\"2026-01-05T11:22:14+00:00\",\"breadcrumb\":{\"@id\":\"https:\\\/\\\/eternelle-ephemere.com\\\/index.php\\\/evenements\\\/#breadcrumb\"},\"inLanguage\":\"fr-FR\",\"potentialAction\":[{\"@type\":\"ReadAction\",\"target\":[\"https:\\\/\\\/eternelle-ephemere.com\\\/index.php\\\/evenements\\\/\"]}]},{\"@type\":\"ImageObject\",\"inLanguage\":\"fr-FR\",\"@id\":\"https:\\\/\\\/eternelle-ephemere.com\\\/index.php\\\/evenements\\\/#primaryimage\",\"url\":\"https:\\\/\\\/i0.wp.com\\\/eternelle-ephemere.com\\\/wp-content\\\/uploads\\\/2026\\\/01\\\/IMG_9594.jpg?fit=1290%2C1290&ssl=1\",\"contentUrl\":\"https:\\\/\\\/i0.wp.com\\\/eternelle-ephemere.com\\\/wp-content\\\/uploads\\\/2026\\\/01\\\/IMG_9594.jpg?fit=1290%2C1290&ssl=1\",\"width\":1290,\"height\":1290,\"caption\":\"Screenshot\"},{\"@type\":\"BreadcrumbList\",\"@id\":\"https:\\\/\\\/eternelle-ephemere.com\\\/index.php\\\/evenements\\\/#breadcrumb\",\"itemListElement\":[{\"@type\":\"ListItem\",\"position\":1,\"name\":\"Accueil\",\"item\":\"https:\\\/\\\/eternelle-ephemere.com\\\/\"},{\"@type\":\"ListItem\",\"position\":2,\"name\":\"\u00c9v\u00e9nements\"}]},{\"@type\":\"WebSite\",\"@id\":\"https:\\\/\\\/eternelle-ephemere.com\\\/#website\",\"url\":\"https:\\\/\\\/eternelle-ephemere.com\\\/\",\"name\":\"Eternelle Ephemere\",\"description\":\"Retrouve ta v\u00e9ritable nature\",\"publisher\":{\"@id\":\"https:\\\/\\\/eternelle-ephemere.com\\\/#\\\/schema\\\/person\\\/424dfa718634a7d990871a2ef8352b30\"},\"potentialAction\":[{\"@type\":\"SearchAction\",\"target\":{\"@type\":\"EntryPoint\",\"urlTemplate\":\"https:\\\/\\\/eternelle-ephemere.com\\\/?s={search_term_string}\"},\"query-input\":{\"@type\":\"PropertyValueSpecification\",\"valueRequired\":true,\"valueName\":\"search_term_string\"}}],\"inLanguage\":\"fr-FR\"},{\"@type\":[\"Person\",\"Organization\"],\"@id\":\"https:\\\/\\\/eternelle-ephemere.com\\\/#\\\/schema\\\/person\\\/424dfa718634a7d990871a2ef8352b30\",\"name\":\"Anne\",\"image\":{\"@type\":\"ImageObject\",\"inLanguage\":\"fr-FR\",\"@id\":\"https:\\\/\\\/eternelle-ephemere.com\\\/wp-content\\\/uploads\\\/2024\\\/03\\\/cropped-Logo-EE-carre.jpg\",\"url\":\"https:\\\/\\\/eternelle-ephemere.com\\\/wp-content\\\/uploads\\\/2024\\\/03\\\/cropped-Logo-EE-carre.jpg\",\"contentUrl\":\"https:\\\/\\\/eternelle-ephemere.com\\\/wp-content\\\/uploads\\\/2024\\\/03\\\/cropped-Logo-EE-carre.jpg\",\"width\":512,\"height\":512,\"caption\":\"Anne\"},\"logo\":{\"@id\":\"https:\\\/\\\/eternelle-ephemere.com\\\/wp-content\\\/uploads\\\/2024\\\/03\\\/cropped-Logo-EE-carre.jpg\"},\"sameAs\":[\"http:\\\/\\\/eternelle-ephemere.com\",\"https:\\\/\\\/www.facebook.com\\\/anne.crevaux.7\",\"https:\\\/\\\/www.instagram.com\\\/eternelle.ephemere\\\/\"]}]}<\/script>\n<!-- \/ Yoast SEO plugin. -->","yoast_head_json":{"title":"\u00c9v\u00e9nements - Eternelle Ephemere","robots":{"index":"index","follow":"follow","max-snippet":"max-snippet:-1","max-image-preview":"max-image-preview:large","max-video-preview":"max-video-preview:-1"},"canonical":"https:\/\/eternelle-ephemere.com\/index.php\/evenements\/","og_locale":"fr_FR","og_type":"article","og_title":"\u00c9v\u00e9nements - Eternelle Ephemere","og_description":"\u00c9v\u00e9nement \ud83d\udcc6 \u00c0 venir&#8230; Gr\u00e2ce \u00e0 C\u00e9cile, chanteuse d\u2019op\u00e9ra, sophrologue &amp; hypnoth\u00e9rapeute, et Anne, sonoth\u00e9rapeute, plonge dans un atelier qui t\u2019emm\u00e8ne en profondeur dans ton monde int\u00e9rieur et ton inconscient, afin de lib\u00e9rer tout ce qui t\u2019emp\u00eache de te r\u00e9aliser pleinement. \u00c0 travers des pratiques guid\u00e9es de relaxation dynamique, de respiration, de yoga du son, [&hellip;]","og_url":"https:\/\/eternelle-ephemere.com\/index.php\/evenements\/","og_site_name":"Eternelle Ephemere","article_publisher":"https:\/\/www.facebook.com\/anne.crevaux.7","article_modified_time":"2026-01-05T11:22:14+00:00","og_image":[{"url":"https:\/\/eternelle-ephemere.com\/wp-content\/uploads\/2026\/01\/IMG_9594-1024x1024.jpg","type":"","width":"","height":""}],"twitter_card":"summary_large_image","twitter_misc":{"Dur\u00e9e de lecture estim\u00e9e":"6 minutes"},"schema":{"@context":"https:\/\/schema.org","@graph":[{"@type":"WebPage","@id":"https:\/\/eternelle-ephemere.com\/index.php\/evenements\/","url":"https:\/\/eternelle-ephemere.com\/index.php\/evenements\/","name":"\u00c9v\u00e9nements - Eternelle Ephemere","isPartOf":{"@id":"https:\/\/eternelle-ephemere.com\/#website"},"primaryImageOfPage":{"@id":"https:\/\/eternelle-ephemere.com\/index.php\/evenements\/#primaryimage"},"image":{"@id":"https:\/\/eternelle-ephemere.com\/index.php\/evenements\/#primaryimage"},"thumbnailUrl":"https:\/\/eternelle-ephemere.com\/wp-content\/uploads\/2026\/01\/IMG_9594-1024x1024.jpg","datePublished":"2023-04-26T14:17:21+00:00","dateModified":"2026-01-05T11:22:14+00:00","breadcrumb":{"@id":"https:\/\/eternelle-ephemere.com\/index.php\/evenements\/#breadcrumb"},"inLanguage":"fr-FR","potentialAction":[{"@type":"ReadAction","target":["https:\/\/eternelle-ephemere.com\/index.php\/evenements\/"]}]},{"@type":"ImageObject","inLanguage":"fr-FR","@id":"https:\/\/eternelle-ephemere.com\/index.php\/evenements\/#primaryimage","url":"https:\/\/i0.wp.com\/eternelle-ephemere.com\/wp-content\/uploads\/2026\/01\/IMG_9594.jpg?fit=1290%2C1290&ssl=1","contentUrl":"https:\/\/i0.wp.com\/eternelle-ephemere.com\/wp-content\/uploads\/2026\/01\/IMG_9594.jpg?fit=1290%2C1290&ssl=1","width":1290,"height":1290,"caption":"Screenshot"},{"@type":"BreadcrumbList","@id":"https:\/\/eternelle-ephemere.com\/index.php\/evenements\/#breadcrumb","itemListElement":[{"@type":"ListItem","position":1,"name":"Accueil","item":"https:\/\/eternelle-ephemere.com\/"},{"@type":"ListItem","position":2,"name":"\u00c9v\u00e9nements"}]},{"@type":"WebSite","@id":"https:\/\/eternelle-ephemere.com\/#website","url":"https:\/\/eternelle-ephemere.com\/","name":"Eternelle Ephemere","description":"Retrouve ta v\u00e9ritable nature","publisher":{"@id":"https:\/\/eternelle-ephemere.com\/#\/schema\/person\/424dfa718634a7d990871a2ef8352b30"},"potentialAction":[{"@type":"SearchAction","target":{"@type":"EntryPoint","urlTemplate":"https:\/\/eternelle-ephemere.com\/?s={search_term_string}"},"query-input":{"@type":"PropertyValueSpecification","valueRequired":true,"valueName":"search_term_string"}}],"inLanguage":"fr-FR"},{"@type":["Person","Organization"],"@id":"https:\/\/eternelle-ephemere.com\/#\/schema\/person\/424dfa718634a7d990871a2ef8352b30","name":"Anne","image":{"@type":"ImageObject","inLanguage":"fr-FR","@id":"https:\/\/eternelle-ephemere.com\/wp-content\/uploads\/2024\/03\/cropped-Logo-EE-carre.jpg","url":"https:\/\/eternelle-ephemere.com\/wp-content\/uploads\/2024\/03\/cropped-Logo-EE-carre.jpg","contentUrl":"https:\/\/eternelle-ephemere.com\/wp-content\/uploads\/2024\/03\/cropped-Logo-EE-carre.jpg","width":512,"height":512,"caption":"Anne"},"logo":{"@id":"https:\/\/eternelle-ephemere.com\/wp-content\/uploads\/2024\/03\/cropped-Logo-EE-carre.jpg"},"sameAs":["http:\/\/eternelle-ephemere.com","https:\/\/www.facebook.com\/anne.crevaux.7","https:\/\/www.instagram.com\/eternelle.ephemere\/"]}]}},"jetpack_sharing_enabled":true,"_links":{"self":[{"href":"https:\/\/eternelle-ephemere.com\/index.php\/wp-json\/wp\/v2\/pages\/1466","targetHints":{"allow":["GET"]}}],"collection":[{"href":"https:\/\/eternelle-ephemere.com\/index.php\/wp-json\/wp\/v2\/pages"}],"about":[{"href":"https:\/\/eternelle-ephemere.com\/index.php\/wp-json\/wp\/v2\/types\/page"}],"author":[{"embeddable":true,"href":"https:\/\/eternelle-ephemere.com\/index.php\/wp-json\/wp\/v2\/users\/1"}],"replies":[{"embeddable":true,"href":"https:\/\/eternelle-ephemere.com\/index.php\/wp-json\/wp\/v2\/comments?post=1466"}],"version-history":[{"count":33,"href":"https:\/\/eternelle-ephemere.com\/index.php\/wp-json\/wp\/v2\/pages\/1466\/revisions"}],"predecessor-version":[{"id":2342,"href":"https:\/\/eternelle-ephemere.com\/index.php\/wp-json\/wp\/v2\/pages\/1466\/revisions\/2342"}],"wp:attachment":[{"href":"https:\/\/eternelle-ephemere.com\/index.php\/wp-json\/wp\/v2\/media?parent=1466"}],"curies":[{"name":"wp","href":"https:\/\/api.w.org\/{rel}","templated":true}]}}